{"id":171,"date":"2022-09-09T10:54:37","date_gmt":"2022-09-09T10:54:37","guid":{"rendered":"http:\/\/v2022.mobiliteplus-accessibilite.fr\/?post_type=product&#038;p=171"},"modified":"2022-10-22T15:30:18","modified_gmt":"2022-10-22T15:30:18","slug":"aritco-7000","status":"publish","type":"product","link":"https:\/\/www.mobiliteplus-accessibilite.fr\/?product=aritco-7000","title":{"rendered":"Aritco 7000"},"content":{"rendered":"<p><span style=\"font-weight: 400;\">L\u2019\u00e9l\u00e9vateur la plateforme \u00e9l\u00e9vatrice verticale Aritco 7000 est issu d\u2019une technique d\u2019\u00e9l\u00e9vation \u00e0 vis sans fin. L\u2019alimentation est \u00e9lectrique et la plateforme monte dans sa gaine.<\/span><\/p>\n<ul>\n<li style=\"font-weight: 400;\" aria-level=\"1\"><span style=\"font-weight: 400;\">Pas de fosse ou fosse 50 mm<\/span><\/li>\n<li style=\"font-weight: 400;\" aria-level=\"1\"><span style=\"font-weight: 400;\">Gaine pr\u00e9fabriqu\u00e9 en usine<\/span><\/li>\n<li style=\"font-weight: 400;\" aria-level=\"1\"><span style=\"font-weight: 400;\">Bords sensibles<\/span><\/li>\n<li style=\"font-weight: 400;\" aria-level=\"1\"><span style=\"font-weight: 400;\">Course jusqu\u2019\u00e0 13 m\u00e8tres<\/span><\/li>\n<li style=\"font-weight: 400;\" aria-level=\"1\"><span style=\"font-weight: 400;\">Capacit\u00e9 250 \u00e0 500Kg (2\/5 personnes)<\/span><\/li>\n<li style=\"font-weight: 400;\" aria-level=\"1\"><span style=\"font-weight: 400;\">6 niveaux maximum<\/span><\/li>\n<li style=\"font-weight: 400;\" aria-level=\"1\"><span style=\"font-weight: 400;\">Installation \u00e0 l\u2019int\u00e9rieur ou l\u2019ext\u00e9rieur<\/span><\/li>\n<li style=\"font-weight: 400;\" aria-level=\"1\"><span style=\"font-weight: 400;\">Adaptations pour transport de marchandise<\/span><\/li>\n<li style=\"font-weight: 400;\" aria-level=\"1\"><span style=\"font-weight: 400;\">Descente de secours sur batterie<\/span><\/li>\n<\/ul>\n<p>&nbsp;<\/p>\n<p><span style=\"font-weight: 400;\">L\u2019\u00e9l\u00e9vateur Aritco 7000 poss\u00e8de un large choix d\u2019options pour vous permettre une configuration personnalis\u00e9e.<\/span><\/p>\n<ul>\n<li style=\"font-weight: 400;\" aria-level=\"1\"><span style=\"font-weight: 400;\">T\u00e9l\u00e9phone<\/span><\/li>\n<li style=\"font-weight: 400;\" aria-level=\"1\"><span style=\"font-weight: 400;\">D\u00e9verrouillage des portes par cl\u00e9s<\/span><\/li>\n<li style=\"font-weight: 400;\" aria-level=\"1\"><span style=\"font-weight: 400;\">Motorisation des portes<\/span><\/li>\n<li style=\"font-weight: 400;\" aria-level=\"1\"><span style=\"font-weight: 400;\">Descente de secours<\/span><\/li>\n<li style=\"font-weight: 400;\" aria-level=\"1\"><span style=\"font-weight: 400;\">Gong d\u2019arriv\u00e9e<\/span><\/li>\n<li style=\"font-weight: 400;\" aria-level=\"1\"><span style=\"font-weight: 400;\">Strapontin<\/span><\/li>\n<li style=\"font-weight: 400;\" aria-level=\"1\"><span style=\"font-weight: 400;\">\u00c9clairage temporis\u00e9<\/span><\/li>\n<li style=\"font-weight: 400;\" aria-level=\"1\"><span style=\"font-weight: 400;\">Eclairage \u00e0 LED<\/span><\/li>\n<li style=\"font-weight: 400;\" aria-level=\"1\"><span style=\"font-weight: 400;\">Indicateurs de niveaux<\/span><\/li>\n<li style=\"font-weight: 400;\" aria-level=\"1\"><span style=\"font-weight: 400;\">Peinture RAL au choix parmi un nuancier de plus de 200 couleurs<\/span><\/li>\n<li style=\"font-weight: 400;\" aria-level=\"1\"><span style=\"font-weight: 400;\">Portes vitr\u00e9es panoramiques<\/span><\/li>\n<li style=\"font-weight: 400;\" aria-level=\"1\"><span style=\"font-weight: 400;\">T\u00e9l\u00e9commande<\/span><\/li>\n<li style=\"font-weight: 400;\" aria-level=\"1\"><span style=\"font-weight: 400;\">Gaine vitr\u00e9e<\/span><\/li>\n<li style=\"font-weight: 400;\" aria-level=\"1\"><span style=\"font-weight: 400;\">Vitrage teint\u00e9 ou fum\u00e9<\/span><\/li>\n<li style=\"font-weight: 400;\" aria-level=\"1\"><span style=\"font-weight: 400;\">Paroi de commande pleine hauteur avec miroir<\/span><\/li>\n<\/ul>\n<p>&nbsp;<\/p>\n","protected":false},"excerpt":{"rendered":"<p><span style=\"font-weight: 400;\">Le Aritco 7000 est un \u00e9l\u00e9vateur PMR r\u00e9pondant aux normes ERP. Fiable, il s\u2019installe \u00e0 l\u2019int\u00e9rieur mais aussi en ext\u00e9rieur.<\/span><\/p>\n<p><span style=\"font-weight: 400;\">Sp\u00e9cialement con\u00e7u pour les lieux publics et pour satisfaire \u00e0 toutes les exigences en termes de qualit\u00e9, de s\u00e9curit\u00e9 et de dur\u00e9e de vie, l\u2019\u00e9l\u00e9vateur Aritco 7000 s\u2019adapte \u00e9galement chez vous, dans les \u00e9coles, les lieux de travail ou les commerces.<\/span><\/p>\n","protected":false},"featured_media":172,"template":"","meta":{"_uag_custom_page_level_css":"","site-sidebar-layout":"default","site-content-layout":"default","ast-site-content-layout":"default","site-content-style":"default","site-sidebar-style":"default","ast-global-header-display":"","ast-banner-title-visibility":"","ast-main-header-display":"","ast-hfb-above-header-display":"","ast-hfb-below-header-display":"","ast-hfb-mobile-header-display":"","site-post-title":"","ast-breadcrumbs-content":"","ast-featured-img":"","footer-sml-layout":"","ast-disable-related-posts":"","theme-transparent-header-meta":"default","adv-header-id-meta":"","stick-header-meta":"default","header-above-stick-meta":"","header-main-stick-meta":"","header-below-stick-meta":"","astra-migrate-meta-layouts":"default","ast-page-background-enabled":"default","ast-page-background-meta":{"desktop":{"background-color":"var(--ast-global-color-4)","background-image":"","background-repeat":"repeat","background-position":"center center","background-size":"auto","background-attachment":"scroll","background-type":"","background-media":"","overlay-type":"","overlay-color":"","overlay-opacity":"","overlay-gradient":""},"tablet":{"background-color":"","background-image":"","background-repeat":"repeat","background-position":"center center","background-size":"auto","background-attachment":"scroll","background-type":"","background-media":"","overlay-type":"","overlay-color":"","overlay-opacity":"","overlay-gradient":""},"mobile":{"background-color":"","background-image":"","background-repeat":"repeat","background-position":"center center","background-size":"auto","background-attachment":"scroll","background-type":"","background-media":"","overlay-type":"","overlay-color":"","overlay-opacity":"","overlay-gradient":""}},"ast-content-background-meta":{"desktop":{"background-color":"var(--ast-global-color-5)","background-image":"","background-repeat":"repeat","background-position":"center center","background-size":"auto","background-attachment":"scroll","background-type":"","background-media":"","overlay-type":"","overlay-color":"","overlay-opacity":"","overlay-gradient":""},"tablet":{"background-color":"var(--ast-global-color-5)","background-image":"","background-repeat":"repeat","background-position":"center center","background-size":"auto","background-attachment":"scroll","background-type":"","background-media":"","overlay-type":"","overlay-color":"","overlay-opacity":"","overlay-gradient":""},"mobile":{"background-color":"var(--ast-global-color-5)","background-image":"","background-repeat":"repeat","background-position":"center center","background-size":"auto","background-attachment":"scroll","background-type":"","background-media":"","overlay-type":"","overlay-color":"","overlay-opacity":"","overlay-gradient":""}}},"product_brand":[],"product_cat":[20],"product_tag":[],"class_list":{"0":"post-171","1":"product","2":"type-product","3":"status-publish","4":"has-post-thumbnail","6":"product_cat-elevateurs_pmr","7":"desktop-align-left","8":"tablet-align-left","9":"mobile-align-left","10":"ast-product-gallery-layout-horizontal-slider","11":"ast-product-tabs-layout-horizontal","13":"first","14":"instock","15":"shipping-taxable","16":"product-type-simple"},"yoast_head":"<!-- This site is optimized with the Yoast SEO plugin v27.4 - https:\/\/yoast.com\/product\/yoast-seo-wordpress\/ -->\n<title>Aritco 7000 -<\/title>\n<meta name=\"robots\" content=\"index, follow, max-snippet:-1, max-image-preview:large, max-video-preview:-1\" \/>\n<link rel=\"canonical\" href=\"https:\/\/www.mobiliteplus-accessibilite.fr\/?product=aritco-7000\" \/>\n<meta property=\"og:locale\" content=\"fr_FR\" \/>\n<meta property=\"og:type\" content=\"article\" \/>\n<meta property=\"og:title\" content=\"Aritco 7000 -\" \/>\n<meta property=\"og:description\" content=\"Le Aritco 7000 est un \u00e9l\u00e9vateur PMR r\u00e9pondant aux normes ERP. Fiable, il s\u2019installe \u00e0 l\u2019int\u00e9rieur mais aussi en ext\u00e9rieur.  Sp\u00e9cialement con\u00e7u pour les lieux publics et pour satisfaire \u00e0 toutes les exigences en termes de qualit\u00e9, de s\u00e9curit\u00e9 et de dur\u00e9e de vie, l\u2019\u00e9l\u00e9vateur Aritco 7000 s\u2019adapte \u00e9galement chez vous, dans les \u00e9coles, les lieux de travail ou les commerces.\" \/>\n<meta property=\"og:url\" content=\"https:\/\/www.mobiliteplus-accessibilite.fr\/?product=aritco-7000\" \/>\n<meta property=\"article:modified_time\" content=\"2022-10-22T15:30:18+00:00\" \/>\n<meta property=\"og:image\" content=\"https:\/\/www.mobiliteplus-accessibilite.fr\/wp-content\/uploads\/2022\/09\/Aritco.jpg\" \/>\n\t<meta property=\"og:image:width\" content=\"1024\" \/>\n\t<meta property=\"og:image:height\" content=\"667\" \/>\n\t<meta property=\"og:image:type\" content=\"image\/jpeg\" \/>\n<meta name=\"twitter:card\" content=\"summary_large_image\" \/>\n<meta name=\"twitter:label1\" content=\"Dur\u00e9e de lecture estim\u00e9e\" \/>\n\t<meta name=\"twitter:data1\" content=\"1 minute\" \/>\n<script type=\"application\/ld+json\" class=\"yoast-schema-graph\">{\"@context\":\"https:\\\/\\\/schema.org\",\"@graph\":[{\"@type\":\"WebPage\",\"@id\":\"https:\\\/\\\/www.mobiliteplus-accessibilite.fr\\\/?product=aritco-7000\",\"url\":\"https:\\\/\\\/www.mobiliteplus-accessibilite.fr\\\/?product=aritco-7000\",\"name\":\"Aritco 7000 -\",\"isPartOf\":{\"@id\":\"https:\\\/\\\/www.mobiliteplus-accessibilite.fr\\\/#website\"},\"primaryImageOfPage\":{\"@id\":\"https:\\\/\\\/www.mobiliteplus-accessibilite.fr\\\/?product=aritco-7000#primaryimage\"},\"image\":{\"@id\":\"https:\\\/\\\/www.mobiliteplus-accessibilite.fr\\\/?product=aritco-7000#primaryimage\"},\"thumbnailUrl\":\"https:\\\/\\\/www.mobiliteplus-accessibilite.fr\\\/wp-content\\\/uploads\\\/2022\\\/09\\\/Aritco.jpg\",\"datePublished\":\"2022-09-09T10:54:37+00:00\",\"dateModified\":\"2022-10-22T15:30:18+00:00\",\"breadcrumb\":{\"@id\":\"https:\\\/\\\/www.mobiliteplus-accessibilite.fr\\\/?product=aritco-7000#breadcrumb\"},\"inLanguage\":\"fr-FR\",\"potentialAction\":[{\"@type\":\"ReadAction\",\"target\":[\"https:\\\/\\\/www.mobiliteplus-accessibilite.fr\\\/?product=aritco-7000\"]}]},{\"@type\":\"ImageObject\",\"inLanguage\":\"fr-FR\",\"@id\":\"https:\\\/\\\/www.mobiliteplus-accessibilite.fr\\\/?product=aritco-7000#primaryimage\",\"url\":\"https:\\\/\\\/www.mobiliteplus-accessibilite.fr\\\/wp-content\\\/uploads\\\/2022\\\/09\\\/Aritco.jpg\",\"contentUrl\":\"https:\\\/\\\/www.mobiliteplus-accessibilite.fr\\\/wp-content\\\/uploads\\\/2022\\\/09\\\/Aritco.jpg\",\"width\":1024,\"height\":667},{\"@type\":\"BreadcrumbList\",\"@id\":\"https:\\\/\\\/www.mobiliteplus-accessibilite.fr\\\/?product=aritco-7000#breadcrumb\",\"itemListElement\":[{\"@type\":\"ListItem\",\"position\":1,\"name\":\"Accueil\",\"item\":\"https:\\\/\\\/www.mobiliteplus-accessibilite.fr\\\/\"},{\"@type\":\"ListItem\",\"position\":2,\"name\":\"Boutique\",\"item\":\"https:\\\/\\\/www.mobiliteplus-accessibilite.fr\\\/?page_id=7\"},{\"@type\":\"ListItem\",\"position\":3,\"name\":\"Aritco 7000\"}]},{\"@type\":\"WebSite\",\"@id\":\"https:\\\/\\\/www.mobiliteplus-accessibilite.fr\\\/#website\",\"url\":\"https:\\\/\\\/www.mobiliteplus-accessibilite.fr\\\/\",\"name\":\"Mobilit\u00e9 Plus Accessibilit\u00e9\",\"description\":\"Mobilit\u00e9Plus Accessibilit\u00e9\",\"publisher\":{\"@id\":\"https:\\\/\\\/www.mobiliteplus-accessibilite.fr\\\/#organization\"},\"potentialAction\":[{\"@type\":\"SearchAction\",\"target\":{\"@type\":\"EntryPoint\",\"urlTemplate\":\"https:\\\/\\\/www.mobiliteplus-accessibilite.fr\\\/?s={search_term_string}\"},\"query-input\":{\"@type\":\"PropertyValueSpecification\",\"valueRequired\":true,\"valueName\":\"search_term_string\"}}],\"inLanguage\":\"fr-FR\"},{\"@type\":\"Organization\",\"@id\":\"https:\\\/\\\/www.mobiliteplus-accessibilite.fr\\\/#organization\",\"name\":\"Mobilit\u00e9 Plus Accessibilit\u00e9\",\"url\":\"https:\\\/\\\/www.mobiliteplus-accessibilite.fr\\\/\",\"logo\":{\"@type\":\"ImageObject\",\"inLanguage\":\"fr-FR\",\"@id\":\"https:\\\/\\\/www.mobiliteplus-accessibilite.fr\\\/#\\\/schema\\\/logo\\\/image\\\/\",\"url\":\"https:\\\/\\\/www.mobiliteplus-accessibilite.fr\\\/wp-content\\\/uploads\\\/2022\\\/09\\\/cropped-Logo-M-Accessibilite-scaled.png\",\"contentUrl\":\"https:\\\/\\\/www.mobiliteplus-accessibilite.fr\\\/wp-content\\\/uploads\\\/2022\\\/09\\\/cropped-Logo-M-Accessibilite-scaled.png\",\"width\":2560,\"height\":708,\"caption\":\"Mobilit\u00e9 Plus Accessibilit\u00e9\"},\"image\":{\"@id\":\"https:\\\/\\\/www.mobiliteplus-accessibilite.fr\\\/#\\\/schema\\\/logo\\\/image\\\/\"}}]}<\/script>\n<!-- \/ Yoast SEO plugin. -->","yoast_head_json":{"title":"Aritco 7000 -","robots":{"index":"index","follow":"follow","max-snippet":"max-snippet:-1","max-image-preview":"max-image-preview:large","max-video-preview":"max-video-preview:-1"},"canonical":"https:\/\/www.mobiliteplus-accessibilite.fr\/?product=aritco-7000","og_locale":"fr_FR","og_type":"article","og_title":"Aritco 7000 -","og_description":"Le Aritco 7000 est un \u00e9l\u00e9vateur PMR r\u00e9pondant aux normes ERP. Fiable, il s\u2019installe \u00e0 l\u2019int\u00e9rieur mais aussi en ext\u00e9rieur.  Sp\u00e9cialement con\u00e7u pour les lieux publics et pour satisfaire \u00e0 toutes les exigences en termes de qualit\u00e9, de s\u00e9curit\u00e9 et de dur\u00e9e de vie, l\u2019\u00e9l\u00e9vateur Aritco 7000 s\u2019adapte \u00e9galement chez vous, dans les \u00e9coles, les lieux de travail ou les commerces.","og_url":"https:\/\/www.mobiliteplus-accessibilite.fr\/?product=aritco-7000","article_modified_time":"2022-10-22T15:30:18+00:00","og_image":[{"width":1024,"height":667,"url":"https:\/\/www.mobiliteplus-accessibilite.fr\/wp-content\/uploads\/2022\/09\/Aritco.jpg","type":"image\/jpeg"}],"twitter_card":"summary_large_image","twitter_misc":{"Dur\u00e9e de lecture estim\u00e9e":"1 minute"},"schema":{"@context":"https:\/\/schema.org","@graph":[{"@type":"WebPage","@id":"https:\/\/www.mobiliteplus-accessibilite.fr\/?product=aritco-7000","url":"https:\/\/www.mobiliteplus-accessibilite.fr\/?product=aritco-7000","name":"Aritco 7000 -","isPartOf":{"@id":"https:\/\/www.mobiliteplus-accessibilite.fr\/#website"},"primaryImageOfPage":{"@id":"https:\/\/www.mobiliteplus-accessibilite.fr\/?product=aritco-7000#primaryimage"},"image":{"@id":"https:\/\/www.mobiliteplus-accessibilite.fr\/?product=aritco-7000#primaryimage"},"thumbnailUrl":"https:\/\/www.mobiliteplus-accessibilite.fr\/wp-content\/uploads\/2022\/09\/Aritco.jpg","datePublished":"2022-09-09T10:54:37+00:00","dateModified":"2022-10-22T15:30:18+00:00","breadcrumb":{"@id":"https:\/\/www.mobiliteplus-accessibilite.fr\/?product=aritco-7000#breadcrumb"},"inLanguage":"fr-FR","potentialAction":[{"@type":"ReadAction","target":["https:\/\/www.mobiliteplus-accessibilite.fr\/?product=aritco-7000"]}]},{"@type":"ImageObject","inLanguage":"fr-FR","@id":"https:\/\/www.mobiliteplus-accessibilite.fr\/?product=aritco-7000#primaryimage","url":"https:\/\/www.mobiliteplus-accessibilite.fr\/wp-content\/uploads\/2022\/09\/Aritco.jpg","contentUrl":"https:\/\/www.mobiliteplus-accessibilite.fr\/wp-content\/uploads\/2022\/09\/Aritco.jpg","width":1024,"height":667},{"@type":"BreadcrumbList","@id":"https:\/\/www.mobiliteplus-accessibilite.fr\/?product=aritco-7000#breadcrumb","itemListElement":[{"@type":"ListItem","position":1,"name":"Accueil","item":"https:\/\/www.mobiliteplus-accessibilite.fr\/"},{"@type":"ListItem","position":2,"name":"Boutique","item":"https:\/\/www.mobiliteplus-accessibilite.fr\/?page_id=7"},{"@type":"ListItem","position":3,"name":"Aritco 7000"}]},{"@type":"WebSite","@id":"https:\/\/www.mobiliteplus-accessibilite.fr\/#website","url":"https:\/\/www.mobiliteplus-accessibilite.fr\/","name":"Mobilit\u00e9 Plus Accessibilit\u00e9","description":"Mobilit\u00e9Plus Accessibilit\u00e9","publisher":{"@id":"https:\/\/www.mobiliteplus-accessibilite.fr\/#organization"},"potentialAction":[{"@type":"SearchAction","target":{"@type":"EntryPoint","urlTemplate":"https:\/\/www.mobiliteplus-accessibilite.fr\/?s={search_term_string}"},"query-input":{"@type":"PropertyValueSpecification","valueRequired":true,"valueName":"search_term_string"}}],"inLanguage":"fr-FR"},{"@type":"Organization","@id":"https:\/\/www.mobiliteplus-accessibilite.fr\/#organization","name":"Mobilit\u00e9 Plus Accessibilit\u00e9","url":"https:\/\/www.mobiliteplus-accessibilite.fr\/","logo":{"@type":"ImageObject","inLanguage":"fr-FR","@id":"https:\/\/www.mobiliteplus-accessibilite.fr\/#\/schema\/logo\/image\/","url":"https:\/\/www.mobiliteplus-accessibilite.fr\/wp-content\/uploads\/2022\/09\/cropped-Logo-M-Accessibilite-scaled.png","contentUrl":"https:\/\/www.mobiliteplus-accessibilite.fr\/wp-content\/uploads\/2022\/09\/cropped-Logo-M-Accessibilite-scaled.png","width":2560,"height":708,"caption":"Mobilit\u00e9 Plus Accessibilit\u00e9"},"image":{"@id":"https:\/\/www.mobiliteplus-accessibilite.fr\/#\/schema\/logo\/image\/"}}]}},"uagb_featured_image_src":{"full":["https:\/\/www.mobiliteplus-accessibilite.fr\/wp-content\/uploads\/2022\/09\/Aritco.jpg",1024,667,false],"thumbnail":["https:\/\/www.mobiliteplus-accessibilite.fr\/wp-content\/uploads\/2022\/09\/Aritco-150x150.jpg",150,150,true],"medium":["https:\/\/www.mobiliteplus-accessibilite.fr\/wp-content\/uploads\/2022\/09\/Aritco-300x195.jpg",300,195,true],"medium_large":["https:\/\/www.mobiliteplus-accessibilite.fr\/wp-content\/uploads\/2022\/09\/Aritco-768x500.jpg",768,500,true],"large":["https:\/\/www.mobiliteplus-accessibilite.fr\/wp-content\/uploads\/2022\/09\/Aritco.jpg",1024,667,false],"1536x1536":["https:\/\/www.mobiliteplus-accessibilite.fr\/wp-content\/uploads\/2022\/09\/Aritco.jpg",1024,667,false],"2048x2048":["https:\/\/www.mobiliteplus-accessibilite.fr\/wp-content\/uploads\/2022\/09\/Aritco.jpg",1024,667,false],"wpcf7-post-image":["https:\/\/www.mobiliteplus-accessibilite.fr\/wp-content\/uploads\/2022\/09\/Aritco-80x80.jpg",80,80,true],"woocommerce_thumbnail":["https:\/\/www.mobiliteplus-accessibilite.fr\/wp-content\/uploads\/2022\/09\/Aritco-300x300.jpg",300,300,true],"woocommerce_single":["https:\/\/www.mobiliteplus-accessibilite.fr\/wp-content\/uploads\/2022\/09\/Aritco-600x391.jpg",600,391,true],"woocommerce_gallery_thumbnail":["https:\/\/www.mobiliteplus-accessibilite.fr\/wp-content\/uploads\/2022\/09\/Aritco-100x100.jpg",100,100,true]},"uagb_author_info":{"display_name":"vnxko","author_link":"https:\/\/www.mobiliteplus-accessibilite.fr\/?author=0"},"uagb_comment_info":0,"uagb_excerpt":"Le Aritco 7000 est un \u00e9l\u00e9vateur PMR r\u00e9pondant aux normes ERP. Fiable, il s\u2019installe \u00e0 l\u2019int\u00e9rieur mais aussi en ext\u00e9rieur. Sp\u00e9cialement con\u00e7u pour les lieux publics et pour satisfaire \u00e0 toutes les exigences en termes de qualit\u00e9, de s\u00e9curit\u00e9 et de dur\u00e9e de vie, l\u2019\u00e9l\u00e9vateur Aritco 7000 s\u2019adapte \u00e9galement chez vous, dans les \u00e9coles, les\u2026","jetpack_sharing_enabled":true,"_links":{"self":[{"href":"https:\/\/www.mobiliteplus-accessibilite.fr\/index.php?rest_route=\/wp\/v2\/product\/171","targetHints":{"allow":["GET"]}}],"collection":[{"href":"https:\/\/www.mobiliteplus-accessibilite.fr\/index.php?rest_route=\/wp\/v2\/product"}],"about":[{"href":"https:\/\/www.mobiliteplus-accessibilite.fr\/index.php?rest_route=\/wp\/v2\/types\/product"}],"wp:featuredmedia":[{"embeddable":true,"href":"https:\/\/www.mobiliteplus-accessibilite.fr\/index.php?rest_route=\/wp\/v2\/media\/172"}],"wp:attachment":[{"href":"https:\/\/www.mobiliteplus-accessibilite.fr\/index.php?rest_route=%2Fwp%2Fv2%2Fmedia&parent=171"}],"wp:term":[{"taxonomy":"product_brand","embeddable":true,"href":"https:\/\/www.mobiliteplus-accessibilite.fr\/index.php?rest_route=%2Fwp%2Fv2%2Fproduct_brand&post=171"},{"taxonomy":"product_cat","embeddable":true,"href":"https:\/\/www.mobiliteplus-accessibilite.fr\/index.php?rest_route=%2Fwp%2Fv2%2Fproduct_cat&post=171"},{"taxonomy":"product_tag","embeddable":true,"href":"https:\/\/www.mobiliteplus-accessibilite.fr\/index.php?rest_route=%2Fwp%2Fv2%2Fproduct_tag&post=171"}],"curies":[{"name":"wp","href":"https:\/\/api.w.org\/{rel}","templated":true}]}}