{"id":311,"date":"2022-09-30T10:41:01","date_gmt":"2022-09-30T10:41:01","guid":{"rendered":"http:\/\/v2022.mobiliteplus-accessibilite.fr\/?page_id=311"},"modified":"2022-09-30T10:41:01","modified_gmt":"2022-09-30T10:41:01","slug":"mentions-legales","status":"publish","type":"page","link":"https:\/\/www.mobiliteplus-accessibilite.fr\/?page_id=311","title":{"rendered":"Mentions l\u00e9gales"},"content":{"rendered":"\n<h2 class=\"has-text-color wp-block-heading\" style=\"color:#00abd7\">Renseignements juridiques<\/h2>\n\n\n\n<p>Le site https:\/\/www.mobiliteplus-accessibilite.fr\/ est \u00e9dit\u00e9 par :<\/p>\n\n\n\n<ul class=\"wp-block-list\"><li>Mobilit\u00e9 Plus<\/li><li>Responsable de publication : M.&nbsp;Christopher Dubais<\/li><li>Si\u00e8ge social : 25, place de la Madeleine 75008 Paris<\/li><li>Email : contact@mobiliteplus.fr<\/li><li>T\u00e9l\u00e9phone : 01 42 56 11 40<\/li><\/ul>\n\n\n\n<h2 class=\"has-white-color has-text-color wp-block-heading\"><br>H\u00e9bergement<\/h2>\n\n\n\n<p>L\u2019h\u00e9bergement est fourni par o2switch 222-224 Boulevard Gustave Flaubert 63000 Clermont-Ferrand, France<\/p>\n\n\n\n<h2 class=\"has-text-color wp-block-heading\" style=\"color:#00abd7\">Droits d\u2019auteur et droits de reproduction<\/h2>\n\n\n\n<p>L\u2019ensemble des contenus de ce site rel\u00e8ve de la l\u00e9gislation fran\u00e7aise et internationale sur les droits d\u2019auteur et la propri\u00e9t\u00e9 intellectuelle. Tous les droits de reproduction sont r\u00e9serv\u00e9s. La reproduction de tout ou partie du site, quelles qu\u2019en soient la forme et la destination est formellement interdite, sauf autorisation expresse du directeur de la publication.<\/p>\n\n\n\n<h2 class=\"has-text-color wp-block-heading\" style=\"color:#00abd7\">Modification de cette notice<\/h2>\n\n\n\n<p>La soci\u00e9t\u00e9 Mobilit\u00e9 Plus se r\u00e9serve le droit de modifier ou, de fa\u00e7on plus g\u00e9n\u00e9rale, d\u2019actualiser cette notice \u00e0 tout moment et sans pr\u00e9avis. C\u2019est pourquoi nous vous invitons \u00e0 consulter r\u00e9guli\u00e8rement cette notice.<\/p>\n\n\n\n<h2 class=\"has-text-color wp-block-heading\" style=\"color:#00abd7\">Liens externes<\/h2>\n\n\n\n<p>Ce site propose des liens vers d\u2019autres sites. Ceux-ci peuvent \u00e9galement collecter des donn\u00e9es \u00e0 caract\u00e8re personnel ou non. La consultation de ces sites ainsi que la collecte et l\u2019utilisation de donn\u00e9es personnelles sur ces sites sont soumises aux conditions d\u2019utilisation et aux politiques de protection des donn\u00e9es personnelles desdits sites.<\/p>\n\n\n\n<h2 class=\"has-text-color wp-block-heading\" style=\"color:#00abd7\">Utilisation des donn\u00e9es personnelles collect\u00e9es<\/h2>\n\n\n\n<p>Vos donn\u00e9es personnelles (nom, pr\u00e9nom, e-mail, \u2026.) sont collect\u00e9es dans le strict respect de la loi n\u00b0 2004-575 du 21 juin 2004 pour la Confiance dans l\u2019Economie Num\u00e9rique et dans la nouvelle loi RPGD du 25 mai 2018.<\/p>\n\n\n\n<p>Conform\u00e9ment \u00e0 la loi n\u00b078-17 du 6 janvier 1978 relative \u00e0 l\u2019informatique, aux fichiers et aux libert\u00e9s modifi\u00e9es par la nouvelle loi Informatique et Libert\u00e9s du 6 ao\u00fbt 2004, vous disposez d\u2019un droit d\u2019acc\u00e8s, de modifications, de rectifications et de suppression des donn\u00e9es qui vous concernent. Pour cela il vous suffit de nous contacter par courrier, par e-mail ou par t\u00e9l\u00e9phone.<\/p>\n\n\n\n<h2 class=\"has-text-color wp-block-heading\" style=\"color:#00abd7\">Commentaires<\/h2>\n\n\n\n<p>Quand vous laissez un commentaire sur notre site web, les donn\u00e9es inscrites dans le formulaire de commentaire, mais aussi votre adresse IP et l\u2019agent utilisateur de votre navigateur sont collect\u00e9s pour nous aider \u00e0 la d\u00e9tection des commentaires ind\u00e9sirables.<\/p>\n\n\n\n<p>Une cha\u00eene anonymis\u00e9e cr\u00e9\u00e9e \u00e0 partir de votre adresse de messagerie (\u00e9galement appel\u00e9e hash) peut \u00eatre envoy\u00e9e au service Gravatar pour v\u00e9rifier si vous utilisez ce dernier. Les clauses de confidentialit\u00e9 du service Gravatar sont disponibles ici&nbsp;: https:\/\/automattic.com\/privacy\/. Apr\u00e8s validation de votre commentaire, votre photo de profil sera visible publiquement \u00e0 cot\u00e9 de votre commentaire.<\/p>\n\n\n\n<h2 class=\"has-text-color wp-block-heading\" style=\"color:#00abd7\">Statistiques et mesures d\u2019audience<\/h2>\n\n\n\n<p>Le site utilise Google Analytics pour mesurer l\u2019audience et analyser son trafic. La politique de confidentialit\u00e9 de cet outil est disponible via https:\/\/policies.google.com\/privacy?hl=fr. En aucun cas les donn\u00e9es personnelles (IP , emails, etc.) ne sont stock\u00e9es dans cet outil. De m\u00eame, les cookies ont \u00e9galement \u00e9t\u00e9 modifi\u00e9s pour avoir une dur\u00e9e de vie de 13 mois, conform\u00e9ment \u00e0 la l\u00e9gislation europ\u00e9enne sur la RGPD.<\/p>\n\n\n\n<h2 class=\"has-text-color wp-block-heading\" style=\"color:#00abd7\">Cookies<\/h2>\n\n\n\n<p>Si vous d\u00e9posez un commentaire sur notre site, il vous sera propos\u00e9 d\u2019enregistrer votre nom, adresse de messagerie et site web dans des cookies. C\u2019est uniquement pour votre confort afin de ne pas avoir \u00e0 saisir ces informations si vous d\u00e9posez un autre commentaire plus tard. Ces cookies expirent au bout d\u2019un an.<\/p>\n\n\n\n<p>Si vous vous rendez sur la page de connexion, un cookie temporaire sera cr\u00e9\u00e9 afin de d\u00e9terminer si votre navigateur accepte les cookies. Il ne contient pas de donn\u00e9es personnelles et sera supprim\u00e9 automatiquement \u00e0 la fermeture de votre navigateur.<\/p>\n\n\n\n<p>Lorsque vous vous connecterez, nous mettrons en place un certain nombre de cookies pour enregistrer vos informations de connexion et vos pr\u00e9f\u00e9rences d\u2019\u00e9cran. La dur\u00e9e de vie d\u2019un cookie de connexion est de deux jours, celle d\u2019un cookie d\u2019option d\u2019\u00e9cran est d\u2019un an. Si vous cochez \u00ab&nbsp;Se souvenir de moi&nbsp;\u00bb, votre cookie de connexion sera conserv\u00e9 pendant deux semaines. Si vous vous d\u00e9connectez de votre compte, le cookie de connexion sera effac\u00e9.<\/p>\n\n\n\n<p>En modifiant ou en publiant une publication, un cookie suppl\u00e9mentaire sera enregistr\u00e9 dans votre navigateur. Ce cookie ne comprend aucune donn\u00e9e personnelle. Il indique simplement l\u2019ID de la publication que vous venez de modifier. Il expire au bout d\u2019un jour.<\/p>\n\n\n\n<h2 class=\"has-text-color wp-block-heading\" style=\"color:#00abd7\">Dur\u00e9es de stockage de vos donn\u00e9es<\/h2>\n\n\n\n<p>Si vous laissez un commentaire, le commentaire et ses m\u00e9tadonn\u00e9es sont conserv\u00e9s ind\u00e9finiment. Cela permet de reconna\u00eetre et approuver automatiquement les commentaires suivants au lieu de les laisser dans la file de mod\u00e9ration.<\/p>\n\n\n\n<p>Pour les utilisateurs et utilisatrices qui s\u2019enregistrent sur notre site (si cela est possible), nous stockons \u00e9galement les donn\u00e9es personnelles indiqu\u00e9es dans leur profil. Tous les utilisateurs et utilisatrices peuvent voir, modifier ou supprimer leurs informations personnelles \u00e0 tout moment (\u00e0 l\u2019exception de leur nom d\u2019utilisateur\u00b7ice). Les gestionnaires du site peuvent aussi voir et modifier ces informations.<\/p>\n\n\n\n<h2 class=\"has-text-color wp-block-heading\" style=\"color:#00abd7\">Les droits que vous avez sur vos donn\u00e9es<\/h2>\n\n\n\n<p>Si vous avez un compte ou si vous avez laiss\u00e9 des commentaires sur le site, vous pouvez demander \u00e0 recevoir un fichier contenant toutes les donn\u00e9es personnelles que nous poss\u00e9dons \u00e0 votre sujet, incluant celles que vous nous avez fournies. Vous pouvez \u00e9galement demander la suppression des donn\u00e9es personnelles vous concernant. Cela ne prend pas en compte les donn\u00e9es stock\u00e9es \u00e0 des fins administratives, l\u00e9gales ou pour des raisons de s\u00e9curit\u00e9.<\/p>\n\n\n\n<h2 class=\"has-text-color wp-block-heading\" style=\"color:#00abd7\">Transmission de vos donn\u00e9es personnelles<\/h2>\n\n\n\n<p>Les commentaires des visiteurs peuvent \u00eatre v\u00e9rifi\u00e9s \u00e0 l\u2019aide d\u2019un service automatis\u00e9 de d\u00e9tection des commentaires ind\u00e9sirables.<\/p>\n","protected":false},"excerpt":{"rendered":"<p>Renseignements juridiques Le site https:\/\/www.mobiliteplus-accessibilite.fr\/ est \u00e9dit\u00e9 par : Mobilit\u00e9 Plus Responsable de publication : M.&nbsp;Christopher Dubais Si\u00e8ge social : 25, place de la Madeleine 75008 Paris Email : contact@mobiliteplus.fr T\u00e9l\u00e9phone : 01 42 56 11 40 H\u00e9bergement L\u2019h\u00e9bergement est fourni par o2switch 222-224 Boulevard Gustave Flaubert 63000 Clermont-Ferrand, France Droits d\u2019auteur et droits de [&hellip;]<\/p>\n","protected":false},"author":1,"featured_media":0,"parent":0,"menu_order":0,"comment_status":"closed","ping_status":"closed","template":"","meta":{"_uag_custom_page_level_css":"","site-sidebar-layout":"default","site-content-layout":"","ast-site-content-layout":"default","site-content-style":"default","site-sidebar-style":"default","ast-global-header-display":"","ast-banner-title-visibility":"","ast-main-header-display":"","ast-hfb-above-header-display":"","ast-hfb-below-header-display":"","ast-hfb-mobile-header-display":"","site-post-title":"","ast-breadcrumbs-content":"","ast-featured-img":"","footer-sml-layout":"","ast-disable-related-posts":"","theme-transparent-header-meta":"","adv-header-id-meta":"","stick-header-meta":"","header-above-stick-meta":"","header-main-stick-meta":"","header-below-stick-meta":"","astra-migrate-meta-layouts":"default","ast-page-background-enabled":"default","ast-page-background-meta":{"desktop":{"background-color":"var(--ast-global-color-4)","background-image":"","background-repeat":"repeat","background-position":"center center","background-size":"auto","background-attachment":"scroll","background-type":"","background-media":"","overlay-type":"","overlay-color":"","overlay-opacity":"","overlay-gradient":""},"tablet":{"background-color":"","background-image":"","background-repeat":"repeat","background-position":"center center","background-size":"auto","background-attachment":"scroll","background-type":"","background-media":"","overlay-type":"","overlay-color":"","overlay-opacity":"","overlay-gradient":""},"mobile":{"background-color":"","background-image":"","background-repeat":"repeat","background-position":"center center","background-size":"auto","background-attachment":"scroll","background-type":"","background-media":"","overlay-type":"","overlay-color":"","overlay-opacity":"","overlay-gradient":""}},"ast-content-background-meta":{"desktop":{"background-color":"var(--ast-global-color-5)","background-image":"","background-repeat":"repeat","background-position":"center center","background-size":"auto","background-attachment":"scroll","background-type":"","background-media":"","overlay-type":"","overlay-color":"","overlay-opacity":"","overlay-gradient":""},"tablet":{"background-color":"var(--ast-global-color-5)","background-image":"","background-repeat":"repeat","background-position":"center center","background-size":"auto","background-attachment":"scroll","background-type":"","background-media":"","overlay-type":"","overlay-color":"","overlay-opacity":"","overlay-gradient":""},"mobile":{"background-color":"var(--ast-global-color-5)","background-image":"","background-repeat":"repeat","background-position":"center center","background-size":"auto","background-attachment":"scroll","background-type":"","background-media":"","overlay-type":"","overlay-color":"","overlay-opacity":"","overlay-gradient":""}},"footnotes":""},"class_list":["post-311","page","type-page","status-publish","hentry"],"yoast_head":"<!-- This site is optimized with the Yoast SEO plugin v27.4 - https:\/\/yoast.com\/product\/yoast-seo-wordpress\/ -->\n<title>Mentions l\u00e9gales -<\/title>\n<meta name=\"robots\" content=\"index, follow, max-snippet:-1, max-image-preview:large, max-video-preview:-1\" \/>\n<link rel=\"canonical\" href=\"https:\/\/www.mobiliteplus-accessibilite.fr\/?page_id=311\" \/>\n<meta property=\"og:locale\" content=\"fr_FR\" \/>\n<meta property=\"og:type\" content=\"article\" \/>\n<meta property=\"og:title\" content=\"Mentions l\u00e9gales -\" \/>\n<meta property=\"og:description\" content=\"Renseignements juridiques Le site https:\/\/www.mobiliteplus-accessibilite.fr\/ est \u00e9dit\u00e9 par : Mobilit\u00e9 Plus Responsable de publication : M.&nbsp;Christopher Dubais Si\u00e8ge social : 25, place de la Madeleine 75008 Paris Email : contact@mobiliteplus.fr T\u00e9l\u00e9phone : 01 42 56 11 40 H\u00e9bergement L\u2019h\u00e9bergement est fourni par o2switch 222-224 Boulevard Gustave Flaubert 63000 Clermont-Ferrand, France Droits d\u2019auteur et droits de [&hellip;]\" \/>\n<meta property=\"og:url\" content=\"https:\/\/www.mobiliteplus-accessibilite.fr\/?page_id=311\" \/>\n<meta name=\"twitter:card\" content=\"summary_large_image\" \/>\n<meta name=\"twitter:label1\" content=\"Dur\u00e9e de lecture estim\u00e9e\" \/>\n\t<meta name=\"twitter:data1\" content=\"5 minutes\" \/>\n<script type=\"application\/ld+json\" class=\"yoast-schema-graph\">{\"@context\":\"https:\\\/\\\/schema.org\",\"@graph\":[{\"@type\":\"WebPage\",\"@id\":\"https:\\\/\\\/www.mobiliteplus-accessibilite.fr\\\/?page_id=311\",\"url\":\"https:\\\/\\\/www.mobiliteplus-accessibilite.fr\\\/?page_id=311\",\"name\":\"Mentions l\u00e9gales -\",\"isPartOf\":{\"@id\":\"https:\\\/\\\/www.mobiliteplus-accessibilite.fr\\\/#website\"},\"datePublished\":\"2022-09-30T10:41:01+00:00\",\"breadcrumb\":{\"@id\":\"https:\\\/\\\/www.mobiliteplus-accessibilite.fr\\\/?page_id=311#breadcrumb\"},\"inLanguage\":\"fr-FR\",\"potentialAction\":[{\"@type\":\"ReadAction\",\"target\":[\"https:\\\/\\\/www.mobiliteplus-accessibilite.fr\\\/?page_id=311\"]}]},{\"@type\":\"BreadcrumbList\",\"@id\":\"https:\\\/\\\/www.mobiliteplus-accessibilite.fr\\\/?page_id=311#breadcrumb\",\"itemListElement\":[{\"@type\":\"ListItem\",\"position\":1,\"name\":\"Accueil\",\"item\":\"https:\\\/\\\/www.mobiliteplus-accessibilite.fr\\\/\"},{\"@type\":\"ListItem\",\"position\":2,\"name\":\"Mentions l\u00e9gales\"}]},{\"@type\":\"WebSite\",\"@id\":\"https:\\\/\\\/www.mobiliteplus-accessibilite.fr\\\/#website\",\"url\":\"https:\\\/\\\/www.mobiliteplus-accessibilite.fr\\\/\",\"name\":\"Mobilit\u00e9 Plus Accessibilit\u00e9\",\"description\":\"Mobilit\u00e9Plus Accessibilit\u00e9\",\"publisher\":{\"@id\":\"https:\\\/\\\/www.mobiliteplus-accessibilite.fr\\\/#organization\"},\"potentialAction\":[{\"@type\":\"SearchAction\",\"target\":{\"@type\":\"EntryPoint\",\"urlTemplate\":\"https:\\\/\\\/www.mobiliteplus-accessibilite.fr\\\/?s={search_term_string}\"},\"query-input\":{\"@type\":\"PropertyValueSpecification\",\"valueRequired\":true,\"valueName\":\"search_term_string\"}}],\"inLanguage\":\"fr-FR\"},{\"@type\":\"Organization\",\"@id\":\"https:\\\/\\\/www.mobiliteplus-accessibilite.fr\\\/#organization\",\"name\":\"Mobilit\u00e9 Plus Accessibilit\u00e9\",\"url\":\"https:\\\/\\\/www.mobiliteplus-accessibilite.fr\\\/\",\"logo\":{\"@type\":\"ImageObject\",\"inLanguage\":\"fr-FR\",\"@id\":\"https:\\\/\\\/www.mobiliteplus-accessibilite.fr\\\/#\\\/schema\\\/logo\\\/image\\\/\",\"url\":\"https:\\\/\\\/www.mobiliteplus-accessibilite.fr\\\/wp-content\\\/uploads\\\/2022\\\/09\\\/cropped-Logo-M-Accessibilite-scaled.png\",\"contentUrl\":\"https:\\\/\\\/www.mobiliteplus-accessibilite.fr\\\/wp-content\\\/uploads\\\/2022\\\/09\\\/cropped-Logo-M-Accessibilite-scaled.png\",\"width\":2560,\"height\":708,\"caption\":\"Mobilit\u00e9 Plus Accessibilit\u00e9\"},\"image\":{\"@id\":\"https:\\\/\\\/www.mobiliteplus-accessibilite.fr\\\/#\\\/schema\\\/logo\\\/image\\\/\"}}]}<\/script>\n<!-- \/ Yoast SEO plugin. -->","yoast_head_json":{"title":"Mentions l\u00e9gales -","robots":{"index":"index","follow":"follow","max-snippet":"max-snippet:-1","max-image-preview":"max-image-preview:large","max-video-preview":"max-video-preview:-1"},"canonical":"https:\/\/www.mobiliteplus-accessibilite.fr\/?page_id=311","og_locale":"fr_FR","og_type":"article","og_title":"Mentions l\u00e9gales -","og_description":"Renseignements juridiques Le site https:\/\/www.mobiliteplus-accessibilite.fr\/ est \u00e9dit\u00e9 par : Mobilit\u00e9 Plus Responsable de publication : M.&nbsp;Christopher Dubais Si\u00e8ge social : 25, place de la Madeleine 75008 Paris Email : contact@mobiliteplus.fr T\u00e9l\u00e9phone : 01 42 56 11 40 H\u00e9bergement L\u2019h\u00e9bergement est fourni par o2switch 222-224 Boulevard Gustave Flaubert 63000 Clermont-Ferrand, France Droits d\u2019auteur et droits de [&hellip;]","og_url":"https:\/\/www.mobiliteplus-accessibilite.fr\/?page_id=311","twitter_card":"summary_large_image","twitter_misc":{"Dur\u00e9e de lecture estim\u00e9e":"5 minutes"},"schema":{"@context":"https:\/\/schema.org","@graph":[{"@type":"WebPage","@id":"https:\/\/www.mobiliteplus-accessibilite.fr\/?page_id=311","url":"https:\/\/www.mobiliteplus-accessibilite.fr\/?page_id=311","name":"Mentions l\u00e9gales -","isPartOf":{"@id":"https:\/\/www.mobiliteplus-accessibilite.fr\/#website"},"datePublished":"2022-09-30T10:41:01+00:00","breadcrumb":{"@id":"https:\/\/www.mobiliteplus-accessibilite.fr\/?page_id=311#breadcrumb"},"inLanguage":"fr-FR","potentialAction":[{"@type":"ReadAction","target":["https:\/\/www.mobiliteplus-accessibilite.fr\/?page_id=311"]}]},{"@type":"BreadcrumbList","@id":"https:\/\/www.mobiliteplus-accessibilite.fr\/?page_id=311#breadcrumb","itemListElement":[{"@type":"ListItem","position":1,"name":"Accueil","item":"https:\/\/www.mobiliteplus-accessibilite.fr\/"},{"@type":"ListItem","position":2,"name":"Mentions l\u00e9gales"}]},{"@type":"WebSite","@id":"https:\/\/www.mobiliteplus-accessibilite.fr\/#website","url":"https:\/\/www.mobiliteplus-accessibilite.fr\/","name":"Mobilit\u00e9 Plus Accessibilit\u00e9","description":"Mobilit\u00e9Plus Accessibilit\u00e9","publisher":{"@id":"https:\/\/www.mobiliteplus-accessibilite.fr\/#organization"},"potentialAction":[{"@type":"SearchAction","target":{"@type":"EntryPoint","urlTemplate":"https:\/\/www.mobiliteplus-accessibilite.fr\/?s={search_term_string}"},"query-input":{"@type":"PropertyValueSpecification","valueRequired":true,"valueName":"search_term_string"}}],"inLanguage":"fr-FR"},{"@type":"Organization","@id":"https:\/\/www.mobiliteplus-accessibilite.fr\/#organization","name":"Mobilit\u00e9 Plus Accessibilit\u00e9","url":"https:\/\/www.mobiliteplus-accessibilite.fr\/","logo":{"@type":"ImageObject","inLanguage":"fr-FR","@id":"https:\/\/www.mobiliteplus-accessibilite.fr\/#\/schema\/logo\/image\/","url":"https:\/\/www.mobiliteplus-accessibilite.fr\/wp-content\/uploads\/2022\/09\/cropped-Logo-M-Accessibilite-scaled.png","contentUrl":"https:\/\/www.mobiliteplus-accessibilite.fr\/wp-content\/uploads\/2022\/09\/cropped-Logo-M-Accessibilite-scaled.png","width":2560,"height":708,"caption":"Mobilit\u00e9 Plus Accessibilit\u00e9"},"image":{"@id":"https:\/\/www.mobiliteplus-accessibilite.fr\/#\/schema\/logo\/image\/"}}]}},"uagb_featured_image_src":{"full":false,"thumbnail":false,"medium":false,"medium_large":false,"large":false,"1536x1536":false,"2048x2048":false,"wpcf7-post-image":false,"woocommerce_thumbnail":false,"woocommerce_single":false,"woocommerce_gallery_thumbnail":false},"uagb_author_info":{"display_name":"vnxko","author_link":"https:\/\/www.mobiliteplus-accessibilite.fr\/?author=1"},"uagb_comment_info":0,"uagb_excerpt":"Renseignements juridiques Le site https:\/\/www.mobiliteplus-accessibilite.fr\/ est \u00e9dit\u00e9 par : Mobilit\u00e9 Plus Responsable de publication : M.&nbsp;Christopher Dubais Si\u00e8ge social : 25, place de la Madeleine 75008 Paris Email : contact@mobiliteplus.fr T\u00e9l\u00e9phone : 01 42 56 11 40 H\u00e9bergement L\u2019h\u00e9bergement est fourni par o2switch 222-224 Boulevard Gustave Flaubert 63000 Clermont-Ferrand, France Droits d\u2019auteur et droits de\u2026","jetpack_sharing_enabled":true,"_links":{"self":[{"href":"https:\/\/www.mobiliteplus-accessibilite.fr\/index.php?rest_route=\/wp\/v2\/pages\/311","targetHints":{"allow":["GET"]}}],"collection":[{"href":"https:\/\/www.mobiliteplus-accessibilite.fr\/index.php?rest_route=\/wp\/v2\/pages"}],"about":[{"href":"https:\/\/www.mobiliteplus-accessibilite.fr\/index.php?rest_route=\/wp\/v2\/types\/page"}],"author":[{"embeddable":true,"href":"https:\/\/www.mobiliteplus-accessibilite.fr\/index.php?rest_route=\/wp\/v2\/users\/1"}],"replies":[{"embeddable":true,"href":"https:\/\/www.mobiliteplus-accessibilite.fr\/index.php?rest_route=%2Fwp%2Fv2%2Fcomments&post=311"}],"version-history":[{"count":1,"href":"https:\/\/www.mobiliteplus-accessibilite.fr\/index.php?rest_route=\/wp\/v2\/pages\/311\/revisions"}],"predecessor-version":[{"id":312,"href":"https:\/\/www.mobiliteplus-accessibilite.fr\/index.php?rest_route=\/wp\/v2\/pages\/311\/revisions\/312"}],"wp:attachment":[{"href":"https:\/\/www.mobiliteplus-accessibilite.fr\/index.php?rest_route=%2Fwp%2Fv2%2Fmedia&parent=311"}],"curies":[{"name":"wp","href":"https:\/\/api.w.org\/{rel}","templated":true}]}}